{"id":37,"date":"2024-05-27T12:00:07","date_gmt":"2024-05-27T12:00:07","guid":{"rendered":"https:\/\/avaljoven.es\/?page_id=37"},"modified":"2024-09-04T09:27:18","modified_gmt":"2024-09-04T09:27:18","slug":"requisitos","status":"publish","type":"page","link":"https:\/\/avaljoven.es\/?page_id=37","title":{"rendered":"Requisitos"},"content":{"rendered":"<p>[et_pb_section fb_built=&#8221;1&#8243; fullwidth=&#8221;on&#8221; _builder_version=&#8221;4.25.1&#8243; _module_preset=&#8221;default&#8221; background_image=&#8221;http:\/\/avaljoven.es\/wp-content\/uploads\/2024\/05\/fondoelementos.png&#8221; parallax=&#8221;on&#8221; border_width_all=&#8221;20px&#8221; border_color_all=&#8221;#257006&#8243; locked=&#8221;off&#8221; global_colors_info=&#8221;{}&#8221;][et_pb_fullwidth_menu active_link_color=&#8221;#257006&#8243; _builder_version=&#8221;4.25.1&#8243; _module_preset=&#8221;default&#8221; menu_font=&#8221;|&#8211;et_global_heading_font_weight|||||||&#8221; menu_font_size=&#8221;21px&#8221; background_color=&#8221;RGBA(255,255,255,0)&#8221; text_orientation=&#8221;right&#8221; custom_padding=&#8221;||0px|||&#8221; global_colors_info=&#8221;{}&#8221;][\/et_pb_fullwidth_menu][et_pb_fullwidth_header button_one_text=&#8221;SOLICITAR AHORA&#8221; logo_image_url=&#8221;http:\/\/avaljoven.es\/wp-content\/uploads\/2024\/05\/logoAvaljoven.png&#8221; _builder_version=&#8221;4.25.1&#8243; _module_preset=&#8221;default&#8221; title_font=&#8221;&#8211;et_global_heading_font||||||||&#8221; title_text_color=&#8221;#257006&#8243; content_font=&#8221;&#8211;et_global_heading_font||||||||&#8221; content_font_size=&#8221;34px&#8221; content_line_height=&#8221;1em&#8221; background_enable_color=&#8221;off&#8221; background_enable_image=&#8221;off&#8221; background_size=&#8221;custom&#8221; background_image_width=&#8221;78%&#8221; background_position=&#8221;center_right&#8221; custom_button_one=&#8221;on&#8221; button_one_text_color=&#8221;#FFFFFF&#8221; button_one_bg_color=&#8221;#257006&#8243; button_one_icon=&#8221;&#xf084;||fa||900&#8243; button_one_icon_placement=&#8221;left&#8221; button_one_on_hover=&#8221;off&#8221; background_layout=&#8221;light&#8221; custom_padding=&#8221;0px|||||&#8221; animation_direction=&#8221;top&#8221; border_color_all=&#8221;RGBA(255,255,255,0)&#8221; global_colors_info=&#8221;{}&#8221;][\/et_pb_fullwidth_header][\/et_pb_section][et_pb_section fb_built=&#8221;1&#8243; _builder_version=&#8221;4.25.1&#8243; _module_preset=&#8221;default&#8221; background_color=&#8221;#257006&#8243; locked=&#8221;off&#8221; global_colors_info=&#8221;{}&#8221;][et_pb_row _builder_version=&#8221;4.25.1&#8243; _module_preset=&#8221;default&#8221; global_colors_info=&#8221;{}&#8221;][et_pb_column type=&#8221;4_4&#8243; _builder_version=&#8221;4.25.1&#8243; _module_preset=&#8221;default&#8221; global_colors_info=&#8221;{}&#8221;][et_pb_text _builder_version=&#8221;4.25.1&#8243; _module_preset=&#8221;default&#8221; text_font=&#8221;|&#8211;et_global_body_font_weight|||||||&#8221; text_font_size=&#8221;26px&#8221; text_line_height=&#8221;1.2em&#8221; header_font=&#8221;|&#8211;et_global_heading_font_weight|||||||&#8221; text_orientation=&#8221;center&#8221; background_layout=&#8221;dark&#8221; global_colors_info=&#8221;{}&#8221;]<\/p>\n<h1>REQUISITOS DE ELEGIBILIDAD<\/h1>\n<p>[\/et_pb_text][\/et_pb_column][\/et_pb_row][et_pb_row column_structure=&#8221;1_2,1_2&#8243; make_equal=&#8221;on&#8221; _builder_version=&#8221;4.25.1&#8243; _module_preset=&#8221;default&#8221; global_colors_info=&#8221;{}&#8221;][et_pb_column type=&#8221;1_2&#8243; _builder_version=&#8221;4.25.1&#8243; _module_preset=&#8221;default&#8221; custom_padding=&#8221;2em|2em|2em|2em|true|true&#8221; border_width_all=&#8221;1px&#8221; border_color_all=&#8221;#FFFFFF&#8221; global_colors_info=&#8221;{}&#8221;][et_pb_blurb title=&#8221;Ser mayor de edad y no superar los 35 a\u00f1os** en el momento de solicitar la garant\u00eda&#8221; use_icon=&#8221;on&#8221; font_icon=&#8221;&#xf1fd;||fa||900&#8243; icon_color=&#8221;#FFFFFF&#8221; _builder_version=&#8221;4.25.1&#8243; _module_preset=&#8221;default&#8221; header_level=&#8221;h3&#8243; header_font=&#8221;&#8211;et_global_heading_font|300|||||||&#8221; background_layout=&#8221;dark&#8221; global_colors_info=&#8221;{}&#8221;][\/et_pb_blurb][\/et_pb_column][et_pb_column type=&#8221;1_2&#8243; _builder_version=&#8221;4.25.1&#8243; _module_preset=&#8221;default&#8221; custom_padding=&#8221;2em|2em|2em|2em|true|true&#8221; border_width_all=&#8221;1px&#8221; border_color_all=&#8221;#FFFFFF&#8221; global_colors_info=&#8221;{}&#8221;][et_pb_blurb title=&#8221;La vivienda a adquirir constituir\u00e1 la \u201cprimera vivienda\u201d del destinatario o destinatarios.&#8221; use_icon=&#8221;on&#8221; font_icon=&#8221;&#xe009;||divi||400&#8243; icon_color=&#8221;#FFFFFF&#8221; _builder_version=&#8221;4.25.1&#8243; _module_preset=&#8221;default&#8221; header_level=&#8221;h3&#8243; header_font=&#8221;&#8211;et_global_heading_font|300|||||||&#8221; background_layout=&#8221;dark&#8221; global_colors_info=&#8221;{}&#8221;][\/et_pb_blurb][\/et_pb_column][\/et_pb_row][et_pb_row column_structure=&#8221;1_2,1_2&#8243; make_equal=&#8221;on&#8221; _builder_version=&#8221;4.25.1&#8243; _module_preset=&#8221;default&#8221; global_colors_info=&#8221;{}&#8221;][et_pb_column type=&#8221;1_2&#8243; _builder_version=&#8221;4.25.1&#8243; _module_preset=&#8221;default&#8221; custom_padding=&#8221;2em|2em|2em|2em|true|true&#8221; border_width_all=&#8221;1px&#8221; border_color_all=&#8221;#FFFFFF&#8221; global_colors_info=&#8221;{}&#8221;][et_pb_blurb title=&#8221;Ubicaci\u00f3n de la vivienda en Extremadura y destinada a \u201cvivienda habitual\u201d durante 5 a\u00f1os.&#8221; use_icon=&#8221;on&#8221; font_icon=&#8221;&#xe01d;||divi||400&#8243; icon_color=&#8221;#FFFFFF&#8221; _builder_version=&#8221;4.25.1&#8243; _module_preset=&#8221;default&#8221; header_level=&#8221;h3&#8243; header_font=&#8221;&#8211;et_global_heading_font|300|||||||&#8221; background_layout=&#8221;dark&#8221; global_colors_info=&#8221;{}&#8221;][\/et_pb_blurb][\/et_pb_column][et_pb_column type=&#8221;1_2&#8243; _builder_version=&#8221;4.25.1&#8243; _module_preset=&#8221;default&#8221; custom_padding=&#8221;2em|2em|2em|2em|true|true&#8221; border_width_all=&#8221;1px&#8221; border_color_all=&#8221;#FFFFFF&#8221; global_colors_info=&#8221;{}&#8221;][et_pb_blurb title=&#8221;La vivienda no podr\u00e1n superar el precio de referencia m\u00e1ximo general de 210.000 \u20ac*&#8221; use_icon=&#8221;on&#8221; font_icon=&#8221;&#xf153;||fa||900&#8243; icon_color=&#8221;#FFFFFF&#8221; _builder_version=&#8221;4.25.1&#8243; _module_preset=&#8221;default&#8221; header_level=&#8221;h3&#8243; header_font=&#8221;&#8211;et_global_heading_font|300|||||||&#8221; background_layout=&#8221;dark&#8221; global_colors_info=&#8221;{}&#8221;][\/et_pb_blurb][\/et_pb_column][\/et_pb_row][et_pb_row _builder_version=&#8221;4.25.1&#8243; _module_preset=&#8221;default&#8221; global_colors_info=&#8221;{}&#8221;][et_pb_column type=&#8221;4_4&#8243; _builder_version=&#8221;4.25.1&#8243; _module_preset=&#8221;default&#8221; global_colors_info=&#8221;{}&#8221;][et_pb_text _builder_version=&#8221;4.25.1&#8243; _module_preset=&#8221;default&#8221; text_font=&#8221;|300|||||||&#8221; background_layout=&#8221;dark&#8221; global_colors_info=&#8221;{}&#8221;]<\/p>\n<p>*La vivienda y los anejos en su caso, no podr\u00e1n superar el precio de referencia m\u00e1ximo general de 210.000,00 \u20ac, pudi\u00e9ndose incrementar dicho precio en un 20% m\u00e1s si la vivienda a adquirir cuenta con un grado de calificaci\u00f3n energ\u00e9tica de A o B, conforme a la normativa aplicable.<\/p>\n<p>**Que no hayan cumplido los treinta y seis a\u00f1os a fecha de presentaci\u00f3n de la solicitud de financiaci\u00f3n ante el Fondo de Garant\u00eda, a trav\u00e9s de la entidad financiera.<\/p>\n<p>&nbsp;<\/p>\n<p>[\/et_pb_text][\/et_pb_column][\/et_pb_row][\/et_pb_section][et_pb_section fb_built=&#8221;1&#8243; _builder_version=&#8221;4.25.1&#8243; _module_preset=&#8221;default&#8221; border_width_all=&#8221;20px&#8221; border_color_all=&#8221;#257006&#8243; global_colors_info=&#8221;{}&#8221;][et_pb_row _builder_version=&#8221;4.25.1&#8243; _module_preset=&#8221;default&#8221; global_colors_info=&#8221;{}&#8221;][et_pb_column type=&#8221;4_4&#8243; _builder_version=&#8221;4.25.1&#8243; _module_preset=&#8221;default&#8221; global_colors_info=&#8221;{}&#8221;][et_pb_text ol_position=&#8221;outside&#8221; ol_item_indent=&#8221;16px&#8221; _builder_version=&#8221;4.25.1&#8243; _module_preset=&#8221;default&#8221; text_font=&#8221;||||||||&#8221; header_font=&#8221;|&#8211;et_global_heading_font_weight|||||||&#8221; custom_css_free_form=&#8221;li {||  margin-bottom:1em;||}&#8221; global_colors_info=&#8221;{}&#8221;]<\/p>\n<h1>Condiciones de financiaci\u00f3n<\/h1>\n<p>&nbsp;<\/p>\n<ol>\n<li>Las operaciones que quedan bajo la garant\u00eda del Fondo ser\u00e1n aquellas que, formalizadas dentro per\u00edodo de su vigencia, est\u00e9n referidas a la financiaci\u00f3n con garant\u00eda hipotecaria sobre la vivienda objeto de adquisici\u00f3n y dicha financiaci\u00f3n, sea superior al 80 % e igual o inferior al 95% del precio de compraventa o del valor de tasaci\u00f3n, si este fuera inferior. No ser\u00e1n objeto de financiaci\u00f3n los impuestos o tasas, ya sean directos o indirectos, que graven las operaciones de adquisici\u00f3n y financiaci\u00f3n de la vivienda.<\/li>\n<li>Los pr\u00e9stamos hipotecarios podr\u00e1n recaer sobre viviendas de protecci\u00f3n oficial, debiendo estar a lo regulado sobre las autorizaciones de venta y l\u00edmites de precio que impone la administraci\u00f3n.<\/li>\n<li>Dentro del instrumento financiero tambi\u00e9n podr\u00e1n ser objeto de la garant\u00eda que ofrece el Fondo los pr\u00e9stamos \u201cautopromotor\u201d y los casos de subrogaci\u00f3n hipotecaria.<\/li>\n<li>El Fondo garantizar\u00e1 frente a la entidad financiera, como m\u00e1ximo, el 15 % del precio de la compraventa o del valor de tasaci\u00f3n, si este fuera inferior.<\/li>\n<li>Los pagos del principal de la operaci\u00f3n de financiaci\u00f3n que se realicen por el deudor hipotecario se aplicar\u00e1n, en primer lugar, a la reducci\u00f3n del porcentaje de garant\u00eda prestada por el Fondo, debiendo comunicar anualmente la entidad financiera al Fondo el saldo vivo de las operaciones.<\/li>\n<li>Con car\u00e1cter adicional a las causas legalmente previstas para la extinci\u00f3n de cualquier afianzamiento, la garant\u00eda del Fondo respecto a cada operaci\u00f3n de financiaci\u00f3n quedar\u00e1 autom\u00e1ticamente sin efecto en el momento en el que los pagos del principal que efect\u00fae el deudor hipotecario alcanzaran el importe garantizado, es decir, el 15 % o el porcentaje garantizado, en caso de que fuera inferior. A partir de ese momento, la garant\u00eda ofrecida por el Fondo quedar\u00e1 totalmente liberada, lo cual expresamente acepta la entidad financiera.<br \/>No obstante, la Garant\u00eda tendr\u00e1 una validez de 10 a\u00f1os desde la firma de la escritura de pr\u00e9stamo hipotecario, quedando el Fondo liberado desde dicha fecha.<\/li>\n<\/ol>\n<p>[\/et_pb_text][\/et_pb_column][\/et_pb_row][\/et_pb_section][et_pb_section fb_built=&#8221;1&#8243; _builder_version=&#8221;4.25.1&#8243; _module_preset=&#8221;default&#8221; border_width_all=&#8221;20px&#8221; border_color_all=&#8221;#257006&#8243; global_colors_info=&#8221;{}&#8221;][et_pb_row _builder_version=&#8221;4.25.1&#8243; _module_preset=&#8221;default&#8221; global_colors_info=&#8221;{}&#8221;][et_pb_column type=&#8221;4_4&#8243; _builder_version=&#8221;4.25.1&#8243; _module_preset=&#8221;default&#8221; global_colors_info=&#8221;{}&#8221;][et_pb_text ol_position=&#8221;outside&#8221; ol_item_indent=&#8221;16px&#8221; _builder_version=&#8221;4.25.1&#8243; _module_preset=&#8221;default&#8221; text_font=&#8221;||||||||&#8221; header_font=&#8221;|&#8211;et_global_heading_font_weight|||||||&#8221; global_colors_info=&#8221;{}&#8221;]<\/p>\n<h1>Caracter\u00edsticas de la Vivienda de adquisici\u00f3n<\/h1>\n<p>&nbsp;<\/p>\n<ol>\n<li>Que la vivienda a adquirir est\u00e9 situada en el territorio de la Comunidad Aut\u00f3noma de Extremadura y se le destine a vivienda habitual, al menos por el plazo de cinco a\u00f1os desde la fecha de adquisici\u00f3n de la misma.<\/li>\n<li>Que el precio de adquisici\u00f3n de la vivienda, sin los gastos y tributos inherentes a la adquisici\u00f3n, sea igual o inferior a DOSCIENTOS DIEZ MIL EUROS (210.000,00 \u20ac), pudi\u00e9ndose incrementar dicho precio en un 20% m\u00e1s si la vivienda a adquirir cuenta con un grado de calificaci\u00f3n energ\u00e9tica de A o B, conforme a la normativa aplicable.<\/li>\n<li>La vivienda a adquirir podr\u00e1 ser libre, protegida (VPO), de obra nueva o usada.<\/li>\n<\/ol>\n<p>[\/et_pb_text][\/et_pb_column][\/et_pb_row][\/et_pb_section][et_pb_section fb_built=&#8221;1&#8243; _builder_version=&#8221;4.25.1&#8243; _module_preset=&#8221;default&#8221; border_width_all=&#8221;20px&#8221; border_color_all=&#8221;#257006&#8243; locked=&#8221;off&#8221; global_colors_info=&#8221;{}&#8221;][et_pb_row _builder_version=&#8221;4.25.1&#8243; _module_preset=&#8221;default&#8221; global_colors_info=&#8221;{}&#8221;][et_pb_column type=&#8221;4_4&#8243; _builder_version=&#8221;4.25.1&#8243; _module_preset=&#8221;default&#8221; global_colors_info=&#8221;{}&#8221;][et_pb_text ol_position=&#8221;outside&#8221; ol_item_indent=&#8221;16px&#8221; _builder_version=&#8221;4.25.1&#8243; _module_preset=&#8221;default&#8221; text_font=&#8221;||||||||&#8221; header_font=&#8221;|&#8211;et_global_heading_font_weight|||||||&#8221; custom_css_free_form=&#8221;li {||  margin-bottom:1em;||}&#8221; global_colors_info=&#8221;{}&#8221;]<\/p>\n<h1>Operativa Intermediarios Financieros<\/h1>\n<p>&nbsp;<\/p>\n<p><strong>Las entidades financieras que ejecuten el instrumento deber\u00e1n cumplir con los siguientes requisitos:<\/strong><\/p>\n<p>&nbsp;<\/p>\n<ol>\n<li>Operatividad en Extremadura<\/li>\n<li>\u00a0En caso de ser entidad financiera de cr\u00e9dito se atender\u00e1 a los requisitos de capital establecidos en el Reglamento 575\/2013 del Parlamento Europeo y del Consejo (Ratio de Capital de Nivel 1 ordinario del 4,5%; ratio de capital de nivel 1 del 6%; ratio total de capital del 8%)<\/li>\n<li>Los intermediarios financieros ofrecer\u00e1n el pr\u00e9stamo hipotecario por el 80% del menor de los valores entre precio de la compraventa y entre valor de tasaci\u00f3n.<\/li>\n<li>El resto del pr\u00e9stamo hipotecario y hasta llegar hasta el 95 % del menor de los valores entre precio de la compraventa y entre valor de tasaci\u00f3n, es decir, el 15%, ser\u00e1 financiado por el intermediario financiero y avalado por la garant\u00eda p\u00fablica.<\/li>\n<li>Los Intermediarios Financieros otorgar\u00e1n Operaciones hipotecarias con un plazo m\u00e1ximo de amortizaci\u00f3n de 35 a\u00f1os.<\/li>\n<li>Pago operaciones fallidas; el intermediario financiero, en caso de aparici\u00f3n de una operaci\u00f3n fallida deber\u00e1 actuar conforme tiene establecido en sus protocolos.<\/li>\n<\/ol>\n<p>[\/et_pb_text][\/et_pb_column][\/et_pb_row][\/et_pb_section]<\/p>\n","protected":false},"excerpt":{"rendered":"<p>REQUISITOS DE ELEGIBILIDAD*La vivienda y los anejos en su caso, no podr\u00e1n superar el precio de referencia m\u00e1ximo general de 210.000,00 \u20ac, pudi\u00e9ndose incrementar dicho precio en un 20% m\u00e1s si la vivienda a adquirir cuenta con un grado de calificaci\u00f3n energ\u00e9tica de A o B, conforme a la normativa aplicable. **Que no hayan cumplido [&hellip;]<\/p>\n","protected":false},"author":1,"featured_media":0,"parent":0,"menu_order":0,"comment_status":"closed","ping_status":"closed","template":"","meta":{"_et_pb_use_builder":"on","_et_pb_old_content":"","_et_gb_content_width":"","_monsterinsights_skip_tracking":false,"_monsterinsights_sitenote_active":false,"_monsterinsights_sitenote_note":"","_monsterinsights_sitenote_category":0,"footnotes":""},"class_list":["post-37","page","type-page","status-publish","hentry"],"aioseo_notices":[],"_links":{"self":[{"href":"https:\/\/avaljoven.es\/index.php?rest_route=\/wp\/v2\/pages\/37","targetHints":{"allow":["GET"]}}],"collection":[{"href":"https:\/\/avaljoven.es\/index.php?rest_route=\/wp\/v2\/pages"}],"about":[{"href":"https:\/\/avaljoven.es\/index.php?rest_route=\/wp\/v2\/types\/page"}],"author":[{"embeddable":true,"href":"https:\/\/avaljoven.es\/index.php?rest_route=\/wp\/v2\/users\/1"}],"replies":[{"embeddable":true,"href":"https:\/\/avaljoven.es\/index.php?rest_route=%2Fwp%2Fv2%2Fcomments&post=37"}],"version-history":[{"count":10,"href":"https:\/\/avaljoven.es\/index.php?rest_route=\/wp\/v2\/pages\/37\/revisions"}],"predecessor-version":[{"id":134,"href":"https:\/\/avaljoven.es\/index.php?rest_route=\/wp\/v2\/pages\/37\/revisions\/134"}],"wp:attachment":[{"href":"https:\/\/avaljoven.es\/index.php?rest_route=%2Fwp%2Fv2%2Fmedia&parent=37"}],"curies":[{"name":"wp","href":"https:\/\/api.w.org\/{rel}","templated":true}]}}